{"id":85,"date":"2024-11-15T18:21:12","date_gmt":"2024-11-15T17:21:12","guid":{"rendered":"https:\/\/www.survoltes.com\/?page_id=85"},"modified":"2026-03-24T11:33:12","modified_gmt":"2026-03-24T10:33:12","slug":"lanrigan-dans-lvent","status":"publish","type":"page","link":"https:\/\/www.survoltes.com\/?page_id=85","title":{"rendered":"Lanrigan dans l&rsquo;vent"},"content":{"rendered":"\t\t<div data-elementor-type=\"wp-page\" data-elementor-id=\"85\" class=\"elementor elementor-85\">\n\t\t\t\t<div class=\"elementor-element elementor-element-1a9a986 e-flex e-con-boxed e-con e-parent\" data-id=\"1a9a986\" data-element_type=\"container\">\n\t\t\t\t\t<div class=\"e-con-inner\">\n\t\t\t\t<div class=\"elementor-element elementor-element-22674ab elementor-widget elementor-widget-heading\" data-id=\"22674ab\" data-element_type=\"widget\" data-widget_type=\"heading.default\">\n\t\t\t\t<div class=\"elementor-widget-container\">\n\t\t\t\t\t<h2 class=\"elementor-heading-title elementor-size-default\">Projet Eolien de LANRIGAN DANS L\u2019VENT<\/h2>\t\t\t\t<\/div>\n\t\t\t\t<\/div>\n\t\t<div class=\"elementor-element elementor-element-7ff01e1 e-con-full e-flex e-con e-child\" data-id=\"7ff01e1\" data-element_type=\"container\">\n\t\t\t\t<div class=\"elementor-element elementor-element-2d41d6e elementor-widget elementor-widget-heading\" data-id=\"2d41d6e\" data-element_type=\"widget\" data-widget_type=\"heading.default\">\n\t\t\t\t<div class=\"elementor-widget-container\">\n\t\t\t\t\t<h2 class=\"elementor-heading-title elementor-size-default\">Actualit\u00e9s du projet<\/h2>\t\t\t\t<\/div>\n\t\t\t\t<\/div>\n\t\t\t\t<div class=\"elementor-element elementor-element-af34966 elementor-widget elementor-widget-text-editor\" data-id=\"af34966\" data-element_type=\"widget\" data-widget_type=\"text-editor.default\">\n\t\t\t\t<div class=\"elementor-widget-container\">\n\t\t\t\t\t\t\t\t\t<p>Le projet Lanrigan dans l&rsquo;Vent est en phase d&rsquo;instruction par les services de l&rsquo;\u00c9tat et va faire l&rsquo;objet <strong>d&rsquo;une enqu\u00eate publique du 24 mars au 24 juin 2026 <a href=\"https:\/\/www.survoltes.com\/wp-content\/uploads\/2026\/03\/avis-de-consultation-du-public.pdf\" target=\"_blank\" rel=\"noopener\">(voir avis de consultation du public)<\/a>.<\/strong><\/p><p><strong>\u00a0<\/strong><\/p><p><span style=\"font-size: 23px;\">L&rsquo;ouverture de ces trois mois de consultation d\u00e9butera par <strong>une r\u00e9union publique le 2 avril 2026 \u00e0 19h (salle Andr\u00e9 Leray de lanrigan).\u00a0<\/strong><\/span><strong><span style=\"font-size: 23px;\">Une seconde r\u00e9union publique cl\u00f4turera le consultation le 18 juin \u00e0 19h.<\/span><\/strong><\/p><p><span style=\"font-size: 23px;\">\u00a0<\/span><\/p><h4 style=\"text-align: justify;\"><span style=\"font-size: 23px;\">Chacun.e peut contribuer au registre des contributions d\u00e9mat\u00e9rialis\u00e9 accessible :<\/span><\/h4><ul><li style=\"text-align: justify;\"><span style=\"font-size: 23px;\">A partir de votre ordinateur en suivant <a href=\"https:\/\/www.registre-dematerialise.fr\/7137\/\" target=\"_blank\" rel=\"noopener\">ce lien<\/a>:\u00a0\u00a0<\/span><a href=\"https:\/\/www.registre-dematerialise.fr\/7137\/\" target=\"_blank\" rel=\"noopener\">https:\/\/www.registre-dematerialise.fr\/7137\/<\/a><\/li><li style=\"text-align: justify;\"><span style=\"font-size: 23px;\">Sur un ordinateur \u00e0 disposition en mairie de Lanrigan les <\/span><span style=\"font-size: 23px;\">mardis et vendredis (de 9h \u00e0 12h et de 14h \u00e0 17h)<\/span><\/li><li style=\"text-align: left;\">Par courrier postal \u00e0 l\u2019attention de M. le pr\u00e9sident de la commission d\u2019enqu\u00eate \u00e0 l\u2019adresse suivante : mairie de Lanrigan, 2 Le Bourg 35270 LANRIGAN.<\/li><li style=\"text-align: justify;\">Par courriel \u00e0 l\u2019adresse suivante : consultation-du-public-7137@registre-dematerialise.fr<\/li><\/ul><p style=\"text-align: left;\">Les contributions transmises par courrier et par courriel seront publi\u00e9es dans les meilleurs d\u00e9lais sur le registre d\u00e9mat\u00e9rialis\u00e9 et donc visibles par tous.<br \/>\u00c0 l\u2019expiration de la consultation, le pr\u00e9sident de la commission d\u2019enqu\u00eate transmettra le dossier accompagn\u00e9 de ses observations et de ses conclusions motiv\u00e9es, au pr\u00e9fet d\u2019Ille-et-Vilaine et au pr\u00e9sident du tribunal administratif de Rennes.<\/p>\t\t\t\t\t\t\t\t<\/div>\n\t\t\t\t<\/div>\n\t\t\t\t<\/div>\n\t\t\t\t<div class=\"elementor-element elementor-element-cfd3521 elementor-widget elementor-widget-heading\" data-id=\"cfd3521\" data-element_type=\"widget\" data-widget_type=\"heading.default\">\n\t\t\t\t<div class=\"elementor-widget-container\">\n\t\t\t\t\t<h2 class=\"elementor-heading-title elementor-size-default\">Le projet<\/h2>\t\t\t\t<\/div>\n\t\t\t\t<\/div>\n\t\t\t\t\t<\/div>\n\t\t\t\t<\/div>\n\t\t<div class=\"elementor-element elementor-element-90644aa e-flex e-con-boxed e-con e-parent\" data-id=\"90644aa\" data-element_type=\"container\">\n\t\t\t\t\t<div class=\"e-con-inner\">\n\t\t<div class=\"elementor-element elementor-element-574cb93 e-con-full e-flex e-con e-child\" data-id=\"574cb93\" data-element_type=\"container\">\n\t\t\t\t<div class=\"elementor-element elementor-element-6327000 elementor-widget__width-initial elementor-widget elementor-widget-image\" data-id=\"6327000\" data-element_type=\"widget\" data-widget_type=\"image.default\">\n\t\t\t\t<div class=\"elementor-widget-container\">\n\t\t\t\t\t\t\t\t\t\t\t\t\t\t\t<img fetchpriority=\"high\" decoding=\"async\" width=\"939\" height=\"981\" src=\"https:\/\/www.survoltes.com\/wp-content\/uploads\/2024\/12\/LDLV.jpg\" class=\"attachment-large size-large wp-image-1532\" alt=\"\" srcset=\"https:\/\/www.survoltes.com\/wp-content\/uploads\/2024\/12\/LDLV.jpg 939w, https:\/\/www.survoltes.com\/wp-content\/uploads\/2024\/12\/LDLV-287x300.jpg 287w, https:\/\/www.survoltes.com\/wp-content\/uploads\/2024\/12\/LDLV-768x802.jpg 768w\" sizes=\"(max-width: 939px) 100vw, 939px\" \/>\t\t\t\t\t\t\t\t\t\t\t\t\t\t\t<\/div>\n\t\t\t\t<\/div>\n\t\t\t\t<\/div>\n\t\t\t\t<div class=\"elementor-element elementor-element-279b5e5 elementor-widget__width-initial elementor-widget elementor-widget-text-editor\" data-id=\"279b5e5\" data-element_type=\"widget\" data-widget_type=\"text-editor.default\">\n\t\t\t\t<div class=\"elementor-widget-container\">\n\t\t\t\t\t\t\t\t\t<p style=\"text-align: center;\"><strong><span class=\"actualiteAccroche\">Notre coop\u00e9rative invite les citoyens \u00e0 participer \u00e0 la r\u00e9alisation d\u2019un parc \u00e9olien local de 3 a\u00e9rog\u00e9n\u00e9rateurs pour une puissance minimale install\u00e9e de 15MWc <a href=\"https:\/\/www.survoltes.com\/?page_id=429\">(RV page Nous rejoindre)<\/a>.<\/span><\/strong><\/p><p>Situ\u00e9e au c\u0153ur de la Bretagne Romantique, <strong><a href=\"https:\/\/lanrigan.fr\" target=\"_blank\" rel=\"noopener\">la commune de Lanrigan<\/a><\/strong> dispose d\u2019un potentiel \u00e9olien pour la production d\u2019\u00e9nergie renouvelable et son Maire, Mr Delabroise, soutenu par son conseil municipal, a exprim\u00e9 un avis \u00ab\u00a0favorable au d\u00e9veloppement d\u2019un projet \u00e9olien \u00e0 condition qu\u2019il soit et demeure un projet de territoire respectueux de ses int\u00e9r\u00eats\u00a0\u00bb.<\/p><p>Le projet de parc \u00e9olien \u00e0 Lanrigan s\u2019est construit autour d\u2019une charte de valeurs que nous partageons : excellence environnementale, sociale, d\u00e9mocratique. C\u2019est pourquoi nous avons d\u00e9cid\u00e9 collectivement de nous engager dans ce projet afin de permettre au territoire de b\u00e9n\u00e9ficier de la valeur produite par les \u00e9oliennes de Lanrigan.<\/p>\t\t\t\t\t\t\t\t<\/div>\n\t\t\t\t<\/div>\n\t\t\t\t\t<\/div>\n\t\t\t\t<\/div>\n\t\t<div class=\"elementor-element elementor-element-5450eb0 e-flex e-con-boxed e-con e-parent\" data-id=\"5450eb0\" data-element_type=\"container\">\n\t\t\t\t\t<div class=\"e-con-inner\">\n\t\t\t\t<div class=\"elementor-element elementor-element-0e3ca54 elementor-widget elementor-widget-text-editor\" data-id=\"0e3ca54\" data-element_type=\"widget\" data-widget_type=\"text-editor.default\">\n\t\t\t\t<div class=\"elementor-widget-container\">\n\t\t\t\t\t\t\t\t\t<p><strong><a href=\"https:\/\/www.eoliencitoyenlanrigan.fr\" target=\"_blank\" rel=\"noopener\">La soci\u00e9t\u00e9 de projet Lanrigan dans l\u2019vent<\/a>,<\/strong> cr\u00e9\u00e9e en septembre 2021, est compos\u00e9e de trois coll\u00e8ges \u00e9quivalents en participation (33,3%):<\/p>\t\t\t\t\t\t\t\t<\/div>\n\t\t\t\t<\/div>\n\t\t\t\t\t<\/div>\n\t\t\t\t<\/div>\n\t\t<div class=\"elementor-element elementor-element-e39444b e-flex e-con-boxed e-con e-parent\" data-id=\"e39444b\" data-element_type=\"container\">\n\t\t\t\t\t<div class=\"e-con-inner\">\n\t\t\t\t<div class=\"elementor-element elementor-element-85477b7 elementor-widget elementor-widget-text-editor\" data-id=\"85477b7\" data-element_type=\"widget\" data-widget_type=\"text-editor.default\">\n\t\t\t\t<div class=\"elementor-widget-container\">\n\t\t\t\t\t\t\t\t\t<p><strong>* le coll\u00e8ge initiateur des acteurs publics<\/strong> port\u00e9 par <strong><a href=\"https:\/\/lanrigan.fr\" target=\"_blank\" rel=\"noopener\">la commune de Lanrigan<\/a><\/strong> et <strong><a href=\"https:\/\/www.sde35.fr\" target=\"_blank\" rel=\"noopener\">d\u2019\u00c9nerg\u2019iV<\/a><\/strong>, la Soci\u00e9t\u00e9 d\u2019\u00c9conomie Mixte du Syndicat D\u00e9partemental d\u2019\u00c9nergie d\u2019Ille-et-Vilaine (SDE35).<br \/><strong>* le coll\u00e8ge citoyens et partenaires<\/strong> compos\u00e9 de<strong> <a href=\"https:\/\/www.enercoop.fr\/blog\/actualites\/bretagne\/projet-eolien-citoyen-lanrigan-dans-lvent\" target=\"_blank\" rel=\"noopener\">la coop\u00e9rative Enercoop<\/a><\/strong> (9,3%), <strong><a href=\"https:\/\/energie-partagee.org\/projets\/lanrigan-dans-lvent\/\" target=\"_blank\" rel=\"noopener\">d\u2019Energie Partag\u00e9e<\/a><\/strong>, le r\u00e9seau national des \u00e9nergies citoyennes (9,3%) et de notre coop\u00e9rative SCIC des Survolt\u00e9s (14,8%)<br \/><strong>* le coll\u00e8ge du d\u00e9veloppeur, <a href=\"https:\/\/vensolair.fr\" target=\"_blank\" rel=\"noopener\">la soci\u00e9t\u00e9 VENSOLAIR<\/a><\/strong> (filiale de la <strong><a href=\"https:\/\/energiesrenouvelables.cnr.tm.fr\/decouvrir-cnr\/\" target=\"_blank\" rel=\"noopener\">CNR, Compagnie Nationale du Rh\u00f4ne<\/a><\/strong>) qui a \u00e9t\u00e9 retenue par la soci\u00e9t\u00e9 Lanrigan dans l\u2019vent pour assurer le d\u00e9veloppement technique du projet.<\/p><p>Tous les acteurs du projet partagent la m\u00eame volont\u00e9 d\u2019une participation locale et citoyenne aux projets d\u2019\u00e9nergie renouvelable. Lors de la phase de d\u00e9veloppement, notre objectif a \u00e9t\u00e9 d\u2019int\u00e9grer des citoyen\u00b7nes qui souhaitaient contribuer \u00e0 la conception, la gouvernance et le financement du projet Lanrigan. Des r\u00e9unions publiques et des ateliers de sensibilisation \u00e0 la pr\u00e9servation de l\u2019int\u00e9grit\u00e9 du territoire d\u2019implantation du parc \u00e9olien ont \u00e9t\u00e9 organis\u00e9es par la soci\u00e9t\u00e9 de projet et les bureaux d&rsquo;\u00e9tudes sp\u00e9cialis\u00e9s (impact visuel, faune\/flore, g\u00e9obiologie). Ce projet citoyen a int\u00e9gr\u00e9 toutes les sp\u00e9cificit\u00e9s de la zone d&rsquo;implantation potentielle; les impacts visuels, la pr\u00e9sence de zones humides, de colonies de chauves-souris, de perturbations g\u00e9obiologiques ou encore de contraintes a\u00e9ronautiques. Le projet est aujourd&rsquo;hui dans sa phase d&rsquo;instruction par les services de l&rsquo;\u00e9tat et fait l&rsquo;objet d&rsquo;une consultation publique. Pour l\u2019heure, on peut envisager l\u2019installation de trois \u00e9oliennes, qui produiraient 32 GWh\/an.<\/p>\t\t\t\t\t\t\t\t<\/div>\n\t\t\t\t<\/div>\n\t\t\t\t\t<\/div>\n\t\t\t\t<\/div>\n\t\t<div class=\"elementor-element elementor-element-3a75eeb e-flex e-con-boxed e-con e-parent\" data-id=\"3a75eeb\" data-element_type=\"container\">\n\t\t\t\t\t<div class=\"e-con-inner\">\n\t\t\t\t<div class=\"elementor-element elementor-element-faa5bc3 elementor-widget elementor-widget-text-editor\" data-id=\"faa5bc3\" data-element_type=\"widget\" data-widget_type=\"text-editor.default\">\n\t\t\t\t<div class=\"elementor-widget-container\">\n\t\t\t\t\t\t\t\t\t<p><strong>Vous pouvez devenir acteur citoyen de ce projet en souscrivant \u00e0 des parts sociales et en participant aux futures phases de financement <a href=\"https:\/\/www.survoltes.com\/?page_id=429\" target=\"_blank\" rel=\"noopener\">(vers la page Nous rejoindre)<\/a><\/strong><\/p>\t\t\t\t\t\t\t\t<\/div>\n\t\t\t\t<\/div>\n\t\t\t\t\t<\/div>\n\t\t\t\t<\/div>\n\t\t<div class=\"elementor-element elementor-element-b2fe0c0 e-flex e-con-boxed e-con e-parent\" data-id=\"b2fe0c0\" data-element_type=\"container\">\n\t\t\t\t\t<div class=\"e-con-inner\">\n\t\t\t\t<div class=\"elementor-element elementor-element-3c3991a e-transform elementor-widget elementor-widget-image\" data-id=\"3c3991a\" data-element_type=\"widget\" data-settings=\"{&quot;_transform_scaleX_effect&quot;:{&quot;unit&quot;:&quot;px&quot;,&quot;size&quot;:1.1,&quot;sizes&quot;:[]},&quot;_transform_scaleX_effect_tablet&quot;:{&quot;unit&quot;:&quot;px&quot;,&quot;size&quot;:&quot;&quot;,&quot;sizes&quot;:[]},&quot;_transform_scaleX_effect_mobile&quot;:{&quot;unit&quot;:&quot;px&quot;,&quot;size&quot;:&quot;&quot;,&quot;sizes&quot;:[]},&quot;_transform_scaleY_effect&quot;:{&quot;unit&quot;:&quot;px&quot;,&quot;size&quot;:&quot;&quot;,&quot;sizes&quot;:[]},&quot;_transform_scaleY_effect_tablet&quot;:{&quot;unit&quot;:&quot;px&quot;,&quot;size&quot;:&quot;&quot;,&quot;sizes&quot;:[]},&quot;_transform_scaleY_effect_mobile&quot;:{&quot;unit&quot;:&quot;px&quot;,&quot;size&quot;:&quot;&quot;,&quot;sizes&quot;:[]}}\" data-widget_type=\"image.default\">\n\t\t\t\t<div class=\"elementor-widget-container\">\n\t\t\t\t\t\t\t\t\t\t\t\t\t\t\t<img decoding=\"async\" width=\"1024\" height=\"326\" src=\"https:\/\/www.survoltes.com\/wp-content\/uploads\/2024\/11\/cropped-silhouettes-of-wind-turbines-scaled-1-1024x326.jpg\" class=\"attachment-large size-large wp-image-789\" alt=\"\" srcset=\"https:\/\/www.survoltes.com\/wp-content\/uploads\/2024\/11\/cropped-silhouettes-of-wind-turbines-scaled-1-1024x326.jpg 1024w, https:\/\/www.survoltes.com\/wp-content\/uploads\/2024\/11\/cropped-silhouettes-of-wind-turbines-scaled-1-300x96.jpg 300w, https:\/\/www.survoltes.com\/wp-content\/uploads\/2024\/11\/cropped-silhouettes-of-wind-turbines-scaled-1-768x245.jpg 768w, https:\/\/www.survoltes.com\/wp-content\/uploads\/2024\/11\/cropped-silhouettes-of-wind-turbines-scaled-1-1536x489.jpg 1536w, https:\/\/www.survoltes.com\/wp-content\/uploads\/2024\/11\/cropped-silhouettes-of-wind-turbines-scaled-1.jpg 2000w\" sizes=\"(max-width: 1024px) 100vw, 1024px\" \/>\t\t\t\t\t\t\t\t\t\t\t\t\t\t\t<\/div>\n\t\t\t\t<\/div>\n\t\t\t\t\t<\/div>\n\t\t\t\t<\/div>\n\t\t\t\t<\/div>\n\t\t","protected":false},"excerpt":{"rendered":"<p>Projet Eolien de LANRIGAN DANS L\u2019VENT Actualit\u00e9s du projet Le projet Lanrigan dans l&rsquo;Vent est en phase d&rsquo;instruction par les services de l&rsquo;\u00c9tat et va faire l&rsquo;objet d&rsquo;une enqu\u00eate publique du 24 mars au 24 juin 2026 (voir avis de consultation du public). \u00a0 L&rsquo;ouverture de ces trois mois de consultation d\u00e9butera par une r\u00e9union [&hellip;]<\/p>\n","protected":false},"author":1,"featured_media":0,"parent":0,"menu_order":0,"comment_status":"closed","ping_status":"closed","template":"","meta":{"ocean_post_layout":"","ocean_both_sidebars_style":"","ocean_both_sidebars_content_width":0,"ocean_both_sidebars_sidebars_width":0,"ocean_sidebar":"","ocean_second_sidebar":"","ocean_disable_margins":"enable","ocean_add_body_class":"","ocean_shortcode_before_top_bar":"","ocean_shortcode_after_top_bar":"","ocean_shortcode_before_header":"","ocean_shortcode_after_header":"","ocean_has_shortcode":"","ocean_shortcode_after_title":"","ocean_shortcode_before_footer_widgets":"","ocean_shortcode_after_footer_widgets":"","ocean_shortcode_before_footer_bottom":"","ocean_shortcode_after_footer_bottom":"","ocean_display_top_bar":"default","ocean_display_header":"default","ocean_header_style":"","ocean_center_header_left_menu":"","ocean_custom_header_template":"","ocean_custom_logo":0,"ocean_custom_retina_logo":0,"ocean_custom_logo_max_width":0,"ocean_custom_logo_tablet_max_width":0,"ocean_custom_logo_mobile_max_width":0,"ocean_custom_logo_max_height":0,"ocean_custom_logo_tablet_max_height":0,"ocean_custom_logo_mobile_max_height":0,"ocean_header_custom_menu":"","ocean_menu_typo_font_family":"","ocean_menu_typo_font_subset":"","ocean_menu_typo_font_size":0,"ocean_menu_typo_font_size_tablet":0,"ocean_menu_typo_font_size_mobile":0,"ocean_menu_typo_font_size_unit":"px","ocean_menu_typo_font_weight":"","ocean_menu_typo_font_weight_tablet":"","ocean_menu_typo_font_weight_mobile":"","ocean_menu_typo_transform":"","ocean_menu_typo_transform_tablet":"","ocean_menu_typo_transform_mobile":"","ocean_menu_typo_line_height":0,"ocean_menu_typo_line_height_tablet":0,"ocean_menu_typo_line_height_mobile":0,"ocean_menu_typo_line_height_unit":"","ocean_menu_typo_spacing":0,"ocean_menu_typo_spacing_tablet":0,"ocean_menu_typo_spacing_mobile":0,"ocean_menu_typo_spacing_unit":"","ocean_menu_link_color":"","ocean_menu_link_color_hover":"","ocean_menu_link_color_active":"","ocean_menu_link_background":"","ocean_menu_link_hover_background":"","ocean_menu_link_active_background":"","ocean_menu_social_links_bg":"","ocean_menu_social_hover_links_bg":"","ocean_menu_social_links_color":"","ocean_menu_social_hover_links_color":"","ocean_disable_title":"default","ocean_disable_heading":"default","ocean_post_title":"","ocean_post_subheading":"","ocean_post_title_style":"","ocean_post_title_background_color":"","ocean_post_title_background":0,"ocean_post_title_bg_image_position":"","ocean_post_title_bg_image_attachment":"","ocean_post_title_bg_image_repeat":"","ocean_post_title_bg_image_size":"","ocean_post_title_height":0,"ocean_post_title_bg_overlay":0.5,"ocean_post_title_bg_overlay_color":"","ocean_disable_breadcrumbs":"default","ocean_breadcrumbs_color":"","ocean_breadcrumbs_separator_color":"","ocean_breadcrumbs_links_color":"","ocean_breadcrumbs_links_hover_color":"","ocean_display_footer_widgets":"default","ocean_display_footer_bottom":"default","ocean_custom_footer_template":"","footnotes":""},"class_list":["post-85","page","type-page","status-publish","hentry","entry"],"_links":{"self":[{"href":"https:\/\/www.survoltes.com\/index.php?rest_route=\/wp\/v2\/pages\/85","targetHints":{"allow":["GET"]}}],"collection":[{"href":"https:\/\/www.survoltes.com\/index.php?rest_route=\/wp\/v2\/pages"}],"about":[{"href":"https:\/\/www.survoltes.com\/index.php?rest_route=\/wp\/v2\/types\/page"}],"author":[{"embeddable":true,"href":"https:\/\/www.survoltes.com\/index.php?rest_route=\/wp\/v2\/users\/1"}],"replies":[{"embeddable":true,"href":"https:\/\/www.survoltes.com\/index.php?rest_route=%2Fwp%2Fv2%2Fcomments&post=85"}],"version-history":[{"count":140,"href":"https:\/\/www.survoltes.com\/index.php?rest_route=\/wp\/v2\/pages\/85\/revisions"}],"predecessor-version":[{"id":2274,"href":"https:\/\/www.survoltes.com\/index.php?rest_route=\/wp\/v2\/pages\/85\/revisions\/2274"}],"wp:attachment":[{"href":"https:\/\/www.survoltes.com\/index.php?rest_route=%2Fwp%2Fv2%2Fmedia&parent=85"}],"curies":[{"name":"wp","href":"https:\/\/api.w.org\/{rel}","templated":true}]}}